{"id":51,"date":"2017-02-14T17:08:27","date_gmt":"2017-02-14T22:08:27","guid":{"rendered":"http:\/\/localhost\/LesPingouinsAnimes\/?page_id=51"},"modified":"2017-06-17T22:40:31","modified_gmt":"2017-06-18T02:40:31","slug":"temoignages","status":"publish","type":"page","link":"http:\/\/lespingouinsanimes.com\/en\/temoignages\/","title":{"rendered":"Testimonials"},"content":{"rendered":"<h1>Testimonials<\/h1>\n<h3>Our Parents Feedback<\/h3>\n<p class=\"paragraph1 fontStyle\">&#8220;\u00c9tienne a fr\u00e9quent\u00e9 la garderie depuis son ouverture et nous avons que des bons commentaires pour l&#8217;\u00e9quipe et les installations des pingouins anim\u00e9s. Les \u00e9ducatrices sont d\u00e9vou\u00e9es pour nos enfants et sont \u00e0 l&#8217;\u00e9coute de leur besoins. Les locaux sont grands, la cour est s\u00e9curitaire et il y a beaucoup de parcs et activit\u00e9 gratuite tout pr\u00e8s que les enfants d\u00e9couvrent lors de leur sortie ext\u00e9rieur. Notre enfant grandit et il laisse maintenant de la place pour un nouveau pingouin. Merci Vicky, Vanessa, Clo\u00e9e, Jacqueline et j&#8217;en passe pour tous les beaux souvenirs qu&#8217;\u00c9tienne conservera.&#8221;<br \/>\n<em>Dany Grandbois, Am\u00e9lie Papineau, \u00c9tienne Grandbois<\/em><\/p>\n<p class=\"paragraph1 fontStyle\">&#8220;Bonjour, ma petite fille est la depuis les tout d\u00e9but, et oui elle termine cette \u00e9t\u00e9 d\u00e9j\u00e0 un grand d\u00e9part pour une autre aventure qui est l&#8217;\u00e9cole. Je suis toujours aussi satisfaite des \u00e9ducatrices. Gr\u00e2ce \u00e0 vous No\u00e9mie s&#8217;\u00e9panouit \u00e0 merveille, je vous en remercie. Je recommande cette endroit a tous. Elles sont formidable. Merci encore Chantale et Sylvain&#8221;<br \/>\n<em>Chantale<\/em><\/p>\n<p class=\"paragraph1 fontStyle\">&#8220;Le passage fut bref pour Laurence \u00e0 la garderie les Pingouins mais l&#8217;exp\u00e9rience aura \u00e9t\u00e9 des plus enrichissantes. Du premier contact avec Vicky, suivi de la visite guid\u00e9e des lieux et les quelques moments que Laurence aura eu \u00e0 l&#8217;int\u00e9rieur de cette garderie, nous n&#8217;en garderons que du positif. Notre situation familiale ayant chang\u00e9 rapidement, Laurence ne pourra pas savourer aussi longtemps que nous l&#8217;aurions souhait\u00e9 l&#8217;exp\u00e9rience des pingouins mais malgr\u00e9 tout, je renverrais ma fille \u00e0 cet \u00e9tablissement sans aucune h\u00e9sitation et je recommande le service \u00e0 n&#8217;importe quel parents qui cherche un environnement stimulant et rempli de sourires au quotidien. On s&#8217;y sent comme chez nous. Mention sp\u00e9ciale \u00e0 Patricia et Catherine qui encore une fois, malgr\u00e9 le bref s\u00e9jour de Laurence dans leur groupe auront su nous rassurer comme parent \u00e0 laisser notre petit tr\u00e9sor entre leur mains.&#8221;<br \/>\n<em>Benoit Lavigne<\/em><\/p>\n<p class=\"paragraph1 fontStyle\">&#8220;Ma petite fr\u00e9quente cette garderie depuis mon retour au travail en juin. Elle adore y aller! C&#8217;est une garderie ou le d\u00e9veloppement de l&#8217;enfant est prioris\u00e9. Les \u00e9ducatrices sont exceptionnelles. Elles nous tiennent au courant de l&#8217;\u00e9volution de notre enfant et s&#8217;occupent des enfants comme si c&#8217;\u00e9tait les leurs. La directrice est \u00e0 l&#8217;\u00e9coute et toujours disponible pour r\u00e9pondre \u00e0 nos questions. Elle s&#8217;implique directement dans la vie de la garderie avec les enfants. Je n&#8217;ai que de bons mots pour ce service de garde!&#8221;<br \/>\n<em>Sonia Jean<\/em><\/p>\n<p class=\"paragraph1 fontStyle\">&#8220;Ce qui importe le plus \u00e0 nos yeux comme parents, c&#8217;est que notre enfant puisse se d\u00e9velopper et s&#8217;\u00e9panouir dans un environnement qui accorde une importance \u00e0 chaque enfant dans son unicit\u00e9 et avec ses propres int\u00e9r\u00eats et besoins d\u00e9veloppementaux. L&#8217;\u00e9quipe du personnel de la garderie Les Pingouins Anim\u00e9s comble enti\u00e8rement nos attentes \u00e0 ce niveau. L&#8217;accueil chaleureux du personnel, l&#8217;int\u00e9r\u00eat port\u00e9 \u00e0 notre gar\u00e7on par ses \u00e9ducatrices et les activit\u00e9s \u00e9ducatives et vari\u00e9es sont autant de raisons qui nous permettent de qualifier cette garderie de &#8220;service de garde exceptionnel&#8221;<br \/>\n<em>V\u00e9ronique Menand<\/em><\/p>\n<p class=\"paragraph1 fontStyle\">&#8220;Mon fils Jacob et ma fille Sara ont fr\u00e9quent\u00e9 la garderie les pingouins anim\u00e9s pendant 6 mois et nous avons d\u00fb quitt\u00e9s pour des raisons familiaux. Nous avons \u00e9t\u00e9s plus que satisfait du service, de la comp\u00e9tence des \u00e9ducatrices et des plans d&#8217;actions qui mette en oeuvre pour le bien-\u00eatre de nos enfants. Nous anticipons le jour o\u00f9 nos amours pourront y retourner.&#8221;<br \/>\nCe n&#8217;est qu&#8217;un au revoir temporaire&#8221;<br \/>\n<em>Maggie<\/em><\/p>\n<p class=\"paragraph1 fontStyle\">&#8220;Ma fille va \u00e0 cette garderie depuis l&#8217;ouverture et j&#8217;en suis tr\u00e8s satisfaite. La directrice Vicky a su nous mettre en confiance d\u00e8s la premi\u00e8re visite. Le service de garde r\u00e9pond en tous points \u00e0 nos crit\u00e8res et m\u00eame plus. Les \u00e9ducatrices sont tr\u00e8s comp\u00e9tentes et nous avons vu une bonne \u00e9volution dans le d\u00e9veloppement de notre enfant. Le personnel sait r\u00e9pondre \u00e0 nos questions et m\u00eame trouver des solutions. Merci \u00e0 toute la belle \u00e9quipe et je recommande cette garderie sans h\u00e9siter !!!&#8221;<br \/>\n<em>Sonia Richard<\/em><\/p>\n<p class=\"paragraph1 fontStyle\">&#8220;Notre fils, Aidan, fr\u00e9quente cette garderie depuis l&#8217;ouverture. Nous sommes extr\u00eamement satisfaites. Les \u00e9ducatrices sont chaleureuses, ouvertes et a l&#8217;\u00e9coute de notre petit. Nous voyons qu&#8217;il est bien encadre, participe a beaucoup d\u2019activit\u00e9s pour son groupe d&#8217;\u00e2ge (arts, peinture, jeux, activit\u00e9s divers etc). Nous avons eu une exp\u00e9rience exceptionnelle avec les employ\u00e9es en g\u00e9n\u00e9rale et recommandons cette garderie a tous! Merci a vous tous, particuli\u00e8rement \u00e0 Vicky! xox&#8221;<br \/>\n<em>Louise C.<\/em><\/p>\n<p class=\"paragraph1 fontStyle\">&#8220;Mon fils fr\u00e9quente la garderie depuis l&#8217;ouverture et nous sommes plus qu&#8217;heureux de notre choix. Il est entour\u00e9 d&#8217;\u00e9ducatrices aimantes et d\u00e9vou\u00e9es dans un environnement hyper stimulant, il est tr\u00e8s heureux chaque matin d&#8217;aller rejoindre ses amis. La direction est ouverte et \u00e0 l&#8217;\u00e9coute des parents. Nous sommes en confiance et nous sentons en s\u00e9curit\u00e9 de laisser notre petit tr\u00e9sor \u00e0 la garderie chaque matin.&#8221;<br \/>\n<em>Am\u00e9lie Cyr<\/em><\/p>\n<p class=\"paragraph1 fontStyle\">&#8220;Je suis vraiment tr\u00e8s satisfaite du service qu&#8217;offre la garderie Les pingouins anim\u00e9s. Premi\u00e8rement il est \u00e0 noter que les \u00e9ducatrices sont tout \u00e0 fait remarquables, ils sont attentionn\u00e9s aux besoins de nos enfants. Nous sommes vraiment en confiance de laisser notre petit gar\u00e7on. L&#8217;endroit est hyper stimulant pour les enfants, et \u00e0 chaque jour les enfants font des activit\u00e9s diff\u00e9rentes. Des th\u00e9matiques diff\u00e9rentes aident au d\u00e9veloppement de nos enfants. Nous avons \u00e9galement un tr\u00e8s bon suivi, nous avons un agenda compl\u00e8te avec des commentaires complets pour la journ\u00e9e afin de suivre le d\u00e9roulement de la journ\u00e9e. De plus, l&#8217;endroit est super s\u00e9curitaire, tout a \u00e9t\u00e9 penser en cons\u00e9quences de la s\u00e9curit\u00e9 et du bonheur de nos petits cocos. Je recommande \u00e0 tous cette garderie si vous voulez partir la conscience tranquille au travail. Nous sommes chanceux d&#8217;avoir une aussi bonne garderie pour nos enfants.&#8221;<br \/>\n<em>Jennifer Rivest<\/em><\/p>\n<p class=\"paragraph1 fontStyle\">&#8220;Honn\u00eatement, nous ne pourrions pas \u00eatre plus heureux. Notre fille fr\u00e9quente ce service de garde depuis 4 mois maintenant et nous sommes t\u00e9moins de toutes les attentions qui lui sont apport\u00e9e. Les \u00e9ducatrices sont toujours attentionn\u00e9es aux probl\u00e8mes de sant\u00e9 et nous signale du moindre sympt\u00f4me. Elles sont douces et donnent de bons conseils. Lorsqu&#8217;une situation ou un nouvel apprentissage semble \u00eatre plus difficile, elles nous donnent des outils afin que nous puissions aussi les appliquer \u00e0 la maison. Un aspect qui nous a frapp\u00e9 des \u00e9ducatrices de cette garderie est l&#8217;implication et le d\u00e9vouement dans la vie de notre fille. Nous ne croyons pas que nous aurions pu trouver mieux pour notre petit tr\u00e9sor.&#8221;<br \/>\n<em>Farah Et Chad<\/em><\/p>\n<p class=\"paragraph1 fontStyle\">&#8220;Nous sommes dans ce milieu depuis l&#8217;ouverture! Nous avons \u00e9t\u00e9 charm\u00e9s par l&#8217;accueil que nous avons re\u00e7u, autant nous comme parents et pour notre fille. Ceci est pr\u00e9sent au quotidien. Nous sentons que les gens qui y travaillent ont le coeur sur la main et offrent un service tout particulier \u00e0 nos petits. Notre lien de confiance s&#8217;est \u00e9tabli rapidement. Il est bien facile de sentir le bonheur que vit notre fille par ce qu&#8217;elle raconte et la fa\u00e7on qu&#8217;elle l&#8217;exprime!&#8221;<br \/>\n<em>M\u00e9lanie Dumoulin<\/em><\/p>\n<p class=\"paragraph1 fontStyle\">&#8220;Trystan va \u00e0 la garderie depuis plus de 2 mois et je n&#8217;aurais pus esp\u00e9rer un meilleur environnement pour mon fils. Les \u00e9ducatrices nous donnent de bons conseils et sont tr\u00e8s attentionn\u00e9es envers nos petits cocos. Le menu est \u00e9quilibr\u00e9 et toutes les activit\u00e9s sont pens\u00e9es en fonction du d\u00e9veloppement de notre enfant. Je recommande cette garderie \u00e0 tous.&#8221;<br \/>\n<em>M\u00e9lanie<\/em><\/p>\n<p class=\"paragraph1 fontStyle\">&#8220;Wow , merci ,notre petite fille est tr\u00e8s heureuse, papa et maman ont la t\u00eate tranquille . Des l&#8217;entr\u00e9e a la garderie, tous les \u00e9ducatrices on le sourire ,nous sommes toujours au courant de tous. Une visite vos mille mots , vous serez charm\u00e9 !&#8221;<br \/>\n<em>Karine<\/em><\/p>\n<p class=\"paragraph1 fontStyle\">&#8220;Laurianne 14mois et \u00c9tienne 3 ans fr\u00e9quente tout les deux cette garderie et j&#8217;en suis tr\u00e8s heureuse. Les \u00e9ducatrices ont d&#8217;excellente aptitude pour les relations interpersonnels tant avec les enfants qu&#8217;avec les parents. Nous sommes donc tr\u00e8s bien inform\u00e9 de ce qui se passe dans la journ\u00e9e et lorsqu&#8217;il y a des difficult\u00e9s (disciplinaire ou autre), elles sont pr\u00e9sente pour travailler avec nous \u00e0 trouver des solutions pour aider les parents et les enfants. Les activit\u00e9s sont en lien avec les capacit\u00e9s de mes enfants, le menu est \u00e9quilibr\u00e9 et les enfants joue dehors r\u00e9guli\u00e8rement.&#8221;<\/p>\n<p class=\"paragraph1 fontStyle\">&#8220;Je suis en confiance et mes enfants adorent aller \u00e0 la garderie!!!&#8221;<br \/>\n<em>St\u00e9phanie Dub\u00e9<\/em><\/p>\n<p class=\"paragraph1 fontStyle\">&#8220;Bonjour! Je note ce service de garde en tant que parents utilisateurs et fort combl\u00e9e par les services offerts pour notre enfant. Je dirais qu&#8217;au premier coup d&#8217;oeil l&#8217;endroit est accueillant,color\u00e9,stimulant et chaleureux. Au contact du personnel qualifi\u00e9 on se sent en confiance et le personnel est disponible en tout temps pour r\u00e9pondre aux questions que nous avons. La qualit\u00e9 des aliments offerts ainsi que la grande vari\u00e9t\u00e9 passant de plats mijot\u00e9s fait maison ou bien de repas v\u00e9g\u00e9tarien compos\u00e9 de tofu ou bien de coucous en sont que quelque exemple. Les locaux sont en tout temps propres,d\u00e9sinfect\u00e9s et adapt\u00e9s au d\u00e9veloppement des enfants. Il y a une belle court s\u00e9curitaire avec un carr\u00e9 de sable \u00e0 l&#8217;abri du soleil. Le rev\u00eatement de sol est adapt\u00e9 aux actions des enfants donc pas de b\u00e9ton. Il y a du gazon et des petits modules de jeux. Le mat\u00e9riel est en grande quantit\u00e9, \u00e9ducatif et r\u00e9pondant aux normes de s\u00e9curit\u00e9 pour les enfants. Mais le plus important c&#8217;est que notre enfant adore ses \u00e9ducatrices et nous salut d&#8217;un petit geste de la main le matin et notre coeur est plus l\u00e9ger! Merci \u00e0 toute la belle \u00e9quipe de la garderie les Pingouins anim\u00e9s!!&#8221;<br \/>\n<em>Natacha Sylvain<\/em><\/p>\n<p class=\"paragraph1 fontStyle\">&#8220;Notre petit soleil Nathan fr\u00e9quente la garderie depuis bient\u00f4t 2 mois et nous sommes enti\u00e8rement satisfaits des services offerts et de notre \u00e9ducatrice. L&#8217;int\u00e9gration de notre petit amour c&#8217;est tellement bien d\u00e9roul\u00e9e, je tiens \u00e0 remercier toute l&#8217;\u00e9quipe de la Garderie Les Pingouins anim\u00e9s et particuli\u00e8rement Claudia, l&#8217;\u00e9ducatrice de Nathan.&#8221;<br \/>\n<em>Claudine<\/em><\/p>\n<p class=\"paragraph1 fontStyle\">&#8220;Mon fils utilise les installations depuis quasi l&#8217;ouverture et les services offerts sont exceptionnels. Les \u00e9ducatrices sont comp\u00e9tentes et qualifi\u00e9es et travaillent en collaboration avec les parents pour assurer une continuit\u00e9 de l&#8217;\u00e9ducation de la maison (ex: arr\u00eat d&#8217;utilisation de suce, biberon, etc.). La directrice est \u00e0 l&#8217;\u00e9coute et efficace. Sans l&#8217;ombre d&#8217;un doute je recommande les pingouins anim\u00e9s \u00e0 tout parent soucieux du bonheur, de la s\u00e9curit\u00e9 et de l&#8217;\u00e9ducation de son enfant.&#8221;<br \/>\n<em>Alexandra<\/em><\/p>\n<p class=\"paragraph1 fontStyle\">&#8220;Moi je vais porter ma petite fille (No\u00e9mie) \u00e0 tous les jours, ma fille est toujours contente d&#8217;y aller. Elle a appris a socialise avec tous ses petits amis. Ils sont tr\u00e8s bien encadrer. Je remercie \u00e9norm\u00e9ment ses \u00e9ducatrice qui prendre un grand soin de mon petit tr\u00e9sor.<br \/>\nMerci encore \u00e0 tous.&#8221;<br \/>\n<em>Chantale &amp; Sylvain<\/em><\/p>\n<p class=\"paragraph1 fontStyle\">&#8220;D\u00e8s sa premi\u00e8re journ\u00e9e, mon b\u00e9b\u00e9 s&#8217;est senti \u00e0 l&#8217;aise. Milieu s\u00e9curitaire, enjou\u00e9, \u00e9ducatif. Je suis tr\u00e8s satisfaite !&#8221;<br \/>\n<em>Anonyme<\/em><\/p>\n<p class=\"paragraph1 fontStyle\">&#8220;J&#8217;utilise ce service de garde depuis l&#8217;ouverture et vraiment cette garderie a mon avis est genial.j&#8217;etais en milieu familial auparavant et je ne regrette pas mon choix.la directrice vicky est tres ouverte et a l&#8217;\u00e9coute de nos besoin et nos commentaire et pour ce qui est des educatrice elle sont tous aussi passionner.mon fils est dans le groupe 3-4 ans et il est vraiment heureux merci sp\u00e9cialement a avril et stephanie qui font un travail superbe avec nos cocos.je recommande ce service de garde sans hesiter.&#8221;<br \/>\n<em>Chantal.P<\/em><\/p>","protected":false},"excerpt":{"rendered":"<p>Testimonials Our Parents Feedback &#8220;\u00c9tienne a fr\u00e9quent\u00e9 la garderie depuis son ouverture et nous avons que des bons commentaires pour l&#8217;\u00e9quipe et les installations des pingouins anim\u00e9s. Les \u00e9ducatrices sont d\u00e9vou\u00e9es pour nos enfants et sont \u00e0 l&#8217;\u00e9coute de leur besoins. Les locaux sont grands, la cour est s\u00e9curitaire et il y a beaucoup de&#8230;<\/p>\n","protected":false},"author":1,"featured_media":0,"parent":0,"menu_order":0,"comment_status":"closed","ping_status":"closed","template":"page-home.php","meta":{"_monsterinsights_skip_tracking":false,"_monsterinsights_sitenote_active":false,"_monsterinsights_sitenote_note":"","_monsterinsights_sitenote_category":0,"footnotes":""},"class_list":["post-51","page","type-page","status-publish","hentry"],"_links":{"self":[{"href":"http:\/\/lespingouinsanimes.com\/en\/wp-json\/wp\/v2\/pages\/51","targetHints":{"allow":["GET"]}}],"collection":[{"href":"http:\/\/lespingouinsanimes.com\/en\/wp-json\/wp\/v2\/pages"}],"about":[{"href":"http:\/\/lespingouinsanimes.com\/en\/wp-json\/wp\/v2\/types\/page"}],"author":[{"embeddable":true,"href":"http:\/\/lespingouinsanimes.com\/en\/wp-json\/wp\/v2\/users\/1"}],"replies":[{"embeddable":true,"href":"http:\/\/lespingouinsanimes.com\/en\/wp-json\/wp\/v2\/comments?post=51"}],"version-history":[{"count":25,"href":"http:\/\/lespingouinsanimes.com\/en\/wp-json\/wp\/v2\/pages\/51\/revisions"}],"predecessor-version":[{"id":643,"href":"http:\/\/lespingouinsanimes.com\/en\/wp-json\/wp\/v2\/pages\/51\/revisions\/643"}],"wp:attachment":[{"href":"http:\/\/lespingouinsanimes.com\/en\/wp-json\/wp\/v2\/media?parent=51"}],"curies":[{"name":"wp","href":"https:\/\/api.w.org\/{rel}","templated":true}]}}